{"id":21,"date":"2016-05-05T15:21:53","date_gmt":"2016-05-05T15:21:53","guid":{"rendered":"https:\/\/www.lamarquesina.net\/?page_id=21"},"modified":"2024-06-22T12:19:43","modified_gmt":"2024-06-22T10:19:43","slug":"sandvitxeria","status":"publish","type":"page","link":"https:\/\/www.lamarquesina.net\/es\/sandvitxeria\/","title":{"rendered":"Sandwicher\u00eda"},"content":{"rendered":"\t\t<div data-elementor-type=\"wp-page\" data-elementor-id=\"21\" class=\"elementor elementor-21\" data-elementor-post-type=\"page\">\n\t\t\t\t<div class=\"elementor-element elementor-element-19ef3f8d e-con-full e-flex e-con e-parent\" data-id=\"19ef3f8d\" data-element_type=\"container\" data-e-type=\"container\">\n\t\t\t\t<div class=\"elementor-element elementor-element-5393b9bb elementor-widget elementor-widget-text-editor\" data-id=\"5393b9bb\" data-element_type=\"widget\" data-e-type=\"widget\" data-widget_type=\"text-editor.default\">\n\t\t\t\t<div class=\"elementor-widget-container\">\n\t\t\t\t\t\t\t\t\t<p>En\u00a0<strong>La Marquesina<\/strong>\u00a0somos especialistas en ensaladas, bocadillos americanos y hamburguesas. Tambi\u00e9n encontrar\u00e1s platos combinados y una amplia variedad de postres caseros.<\/p><p style=\"text-align: justify;\">Vengas cuando vengas tendremos la cocina a punto para preparar tu comida.<\/p><p style=\"text-align: justify;\">El local es de dise\u00f1o moderno y confortable. Pero si prefieres el aire libre, disponemos de terraza exterior en plena zona peatonal, en la calle Mayor de Sant Feliu de Gu\u00edxols.<\/p><p style=\"text-align: justify;\"><strong>Y siempre que quieras\u2026 \u00a1La Marquesina en casa!<\/strong><br \/>Pide la carta de bocadillos para llevar, constantemente renovada. La opci\u00f3n ideal para acompa\u00f1ar las cenas en casa en familia o con amigos, para celebraciones especiales, partidos de f\u00fatbol, etc\u2026<\/p><p style=\"text-align: justify;\"><span style=\"font-size: 14pt;\"><strong>\u00a1Buen provecho!<\/strong><\/span><\/p>\t\t\t\t\t\t\t\t<\/div>\n\t\t\t\t<\/div>\n\t\t\t\t<div class=\"elementor-element elementor-element-95aedeb elementor-widget elementor-widget-gallery\" data-id=\"95aedeb\" data-element_type=\"widget\" data-e-type=\"widget\" data-settings=\"{&quot;columns&quot;:3,&quot;gap_tablet&quot;:{&quot;unit&quot;:&quot;px&quot;,&quot;size&quot;:4,&quot;sizes&quot;:[]},&quot;gap_mobile&quot;:{&quot;unit&quot;:&quot;px&quot;,&quot;size&quot;:2,&quot;sizes&quot;:[]},&quot;gallery_layout&quot;:&quot;grid&quot;,&quot;columns_tablet&quot;:2,&quot;columns_mobile&quot;:1,&quot;gap&quot;:{&quot;unit&quot;:&quot;px&quot;,&quot;size&quot;:10,&quot;sizes&quot;:[]},&quot;link_to&quot;:&quot;file&quot;,&quot;aspect_ratio&quot;:&quot;3:2&quot;,&quot;overlay_background&quot;:&quot;yes&quot;,&quot;content_hover_animation&quot;:&quot;fade-in&quot;}\" data-widget_type=\"gallery.default\">\n\t\t\t\t<div class=\"elementor-widget-container\">\n\t\t\t\t\t\t\t<div class=\"elementor-gallery__container\">\n\t\t\t\t\t\t\t<a class=\"e-gallery-item elementor-gallery-item elementor-animated-content\" href=\"https:\/\/www.lamarquesina.net\/wp-content\/uploads\/2016\/05\/Sandvitxeria-07.jpg\" data-elementor-open-lightbox=\"yes\" data-elementor-lightbox-slideshow=\"95aedeb\" data-elementor-lightbox-title=\"La Marquesina - Sant Feliu de Gu\u00edxols\" data-e-action-hash=\"#elementor-action%3Aaction%3Dlightbox%26settings%3DeyJpZCI6MTA2LCJ1cmwiOiJodHRwczpcL1wvd3d3LmxhbWFycXVlc2luYS5uZXRcL3dwLWNvbnRlbnRcL3VwbG9hZHNcLzIwMTZcLzA1XC9TYW5kdml0eGVyaWEtMDcuanBnIiwic2xpZGVzaG93IjoiOTVhZWRlYiJ9\">\n\t\t\t\t\t<div class=\"e-gallery-image elementor-gallery-item__image\" data-thumbnail=\"https:\/\/www.lamarquesina.net\/wp-content\/uploads\/2016\/05\/Sandvitxeria-07.jpg\" data-width=\"1200\" data-height=\"650\" aria-label=\"La Marquesina - Sant Feliu de Gu\u00edxols\" role=\"img\" ><\/div>\n\t\t\t\t\t\t\t\t\t\t\t<div class=\"elementor-gallery-item__overlay\"><\/div>\n\t\t\t\t\t\t\t\t\t\t\t\t\t\t<\/a>\n\t\t\t\t\t\t\t<a class=\"e-gallery-item elementor-gallery-item elementor-animated-content\" href=\"https:\/\/www.lamarquesina.net\/wp-content\/uploads\/2016\/05\/Sandvitxeria-12.jpg\" data-elementor-open-lightbox=\"yes\" data-elementor-lightbox-slideshow=\"95aedeb\" data-elementor-lightbox-title=\"La Marquesina - Sant Feliu de Gu\u00edxols\" data-e-action-hash=\"#elementor-action%3Aaction%3Dlightbox%26settings%3DeyJpZCI6MTExLCJ1cmwiOiJodHRwczpcL1wvd3d3LmxhbWFycXVlc2luYS5uZXRcL3dwLWNvbnRlbnRcL3VwbG9hZHNcLzIwMTZcLzA1XC9TYW5kdml0eGVyaWEtMTIuanBnIiwic2xpZGVzaG93IjoiOTVhZWRlYiJ9\">\n\t\t\t\t\t<div class=\"e-gallery-image elementor-gallery-item__image\" data-thumbnail=\"https:\/\/www.lamarquesina.net\/wp-content\/uploads\/2016\/05\/Sandvitxeria-12.jpg\" data-width=\"1200\" data-height=\"650\" aria-label=\"La Marquesina - Sant Feliu de Gu\u00edxols\" role=\"img\" ><\/div>\n\t\t\t\t\t\t\t\t\t\t\t<div class=\"elementor-gallery-item__overlay\"><\/div>\n\t\t\t\t\t\t\t\t\t\t\t\t\t\t<\/a>\n\t\t\t\t\t\t\t<a class=\"e-gallery-item elementor-gallery-item elementor-animated-content\" href=\"https:\/\/www.lamarquesina.net\/wp-content\/uploads\/2016\/05\/Sandvitxeria-10.jpg\" data-elementor-open-lightbox=\"yes\" data-elementor-lightbox-slideshow=\"95aedeb\" data-elementor-lightbox-title=\"La Marquesina - Sant Feliu de Gu\u00edxols\" data-e-action-hash=\"#elementor-action%3Aaction%3Dlightbox%26settings%3DeyJpZCI6MTA5LCJ1cmwiOiJodHRwczpcL1wvd3d3LmxhbWFycXVlc2luYS5uZXRcL3dwLWNvbnRlbnRcL3VwbG9hZHNcLzIwMTZcLzA1XC9TYW5kdml0eGVyaWEtMTAuanBnIiwic2xpZGVzaG93IjoiOTVhZWRlYiJ9\">\n\t\t\t\t\t<div class=\"e-gallery-image elementor-gallery-item__image\" data-thumbnail=\"https:\/\/www.lamarquesina.net\/wp-content\/uploads\/2016\/05\/Sandvitxeria-10.jpg\" data-width=\"1200\" data-height=\"650\" aria-label=\"La Marquesina - Sant Feliu de Gu\u00edxols\" role=\"img\" ><\/div>\n\t\t\t\t\t\t\t\t\t\t\t<div class=\"elementor-gallery-item__overlay\"><\/div>\n\t\t\t\t\t\t\t\t\t\t\t\t\t\t<\/a>\n\t\t\t\t\t\t\t<a class=\"e-gallery-item elementor-gallery-item elementor-animated-content\" href=\"https:\/\/www.lamarquesina.net\/wp-content\/uploads\/2016\/05\/Sandvitxeria-01.jpg\" data-elementor-open-lightbox=\"yes\" data-elementor-lightbox-slideshow=\"95aedeb\" data-elementor-lightbox-title=\"La Marquesina - Sant Feliu de Gu\u00edxols\" data-e-action-hash=\"#elementor-action%3Aaction%3Dlightbox%26settings%3DeyJpZCI6MTAwLCJ1cmwiOiJodHRwczpcL1wvd3d3LmxhbWFycXVlc2luYS5uZXRcL3dwLWNvbnRlbnRcL3VwbG9hZHNcLzIwMTZcLzA1XC9TYW5kdml0eGVyaWEtMDEuanBnIiwic2xpZGVzaG93IjoiOTVhZWRlYiJ9\">\n\t\t\t\t\t<div class=\"e-gallery-image elementor-gallery-item__image\" data-thumbnail=\"https:\/\/www.lamarquesina.net\/wp-content\/uploads\/2016\/05\/Sandvitxeria-01.jpg\" data-width=\"1200\" data-height=\"650\" aria-label=\"La Marquesina - Sant Feliu de Gu\u00edxols\" role=\"img\" ><\/div>\n\t\t\t\t\t\t\t\t\t\t\t<div class=\"elementor-gallery-item__overlay\"><\/div>\n\t\t\t\t\t\t\t\t\t\t\t\t\t\t<\/a>\n\t\t\t\t\t\t\t<a class=\"e-gallery-item elementor-gallery-item elementor-animated-content\" href=\"https:\/\/www.lamarquesina.net\/wp-content\/uploads\/2016\/05\/Sandvitxeria-03.jpg\" data-elementor-open-lightbox=\"yes\" data-elementor-lightbox-slideshow=\"95aedeb\" data-elementor-lightbox-title=\"La Marquesina - Sant Feliu de Gu\u00edxols\" data-e-action-hash=\"#elementor-action%3Aaction%3Dlightbox%26settings%3DeyJpZCI6MTAyLCJ1cmwiOiJodHRwczpcL1wvd3d3LmxhbWFycXVlc2luYS5uZXRcL3dwLWNvbnRlbnRcL3VwbG9hZHNcLzIwMTZcLzA1XC9TYW5kdml0eGVyaWEtMDMuanBnIiwic2xpZGVzaG93IjoiOTVhZWRlYiJ9\">\n\t\t\t\t\t<div class=\"e-gallery-image elementor-gallery-item__image\" data-thumbnail=\"https:\/\/www.lamarquesina.net\/wp-content\/uploads\/2016\/05\/Sandvitxeria-03.jpg\" data-width=\"1200\" data-height=\"650\" aria-label=\"La Marquesina - Sant Feliu de Gu\u00edxols\" role=\"img\" ><\/div>\n\t\t\t\t\t\t\t\t\t\t\t<div class=\"elementor-gallery-item__overlay\"><\/div>\n\t\t\t\t\t\t\t\t\t\t\t\t\t\t<\/a>\n\t\t\t\t\t\t\t<a class=\"e-gallery-item elementor-gallery-item elementor-animated-content\" href=\"https:\/\/www.lamarquesina.net\/wp-content\/uploads\/2016\/05\/Sandvitxeria-08.jpg\" data-elementor-open-lightbox=\"yes\" data-elementor-lightbox-slideshow=\"95aedeb\" data-elementor-lightbox-title=\"La Marquesina - Sant Feliu de Gu\u00edxols\" data-e-action-hash=\"#elementor-action%3Aaction%3Dlightbox%26settings%3DeyJpZCI6MTA3LCJ1cmwiOiJodHRwczpcL1wvd3d3LmxhbWFycXVlc2luYS5uZXRcL3dwLWNvbnRlbnRcL3VwbG9hZHNcLzIwMTZcLzA1XC9TYW5kdml0eGVyaWEtMDguanBnIiwic2xpZGVzaG93IjoiOTVhZWRlYiJ9\">\n\t\t\t\t\t<div class=\"e-gallery-image elementor-gallery-item__image\" data-thumbnail=\"https:\/\/www.lamarquesina.net\/wp-content\/uploads\/2016\/05\/Sandvitxeria-08.jpg\" data-width=\"1200\" data-height=\"650\" aria-label=\"La Marquesina - Sant Feliu de Gu\u00edxols\" role=\"img\" ><\/div>\n\t\t\t\t\t\t\t\t\t\t\t<div class=\"elementor-gallery-item__overlay\"><\/div>\n\t\t\t\t\t\t\t\t\t\t\t\t\t\t<\/a>\n\t\t\t\t\t\t\t<a class=\"e-gallery-item elementor-gallery-item elementor-animated-content\" href=\"https:\/\/www.lamarquesina.net\/wp-content\/uploads\/2016\/05\/Sandvitxeria-05.jpg\" data-elementor-open-lightbox=\"yes\" data-elementor-lightbox-slideshow=\"95aedeb\" data-elementor-lightbox-title=\"La Marquesina - Sant Feliu de Gu\u00edxols\" data-e-action-hash=\"#elementor-action%3Aaction%3Dlightbox%26settings%3DeyJpZCI6MTA0LCJ1cmwiOiJodHRwczpcL1wvd3d3LmxhbWFycXVlc2luYS5uZXRcL3dwLWNvbnRlbnRcL3VwbG9hZHNcLzIwMTZcLzA1XC9TYW5kdml0eGVyaWEtMDUuanBnIiwic2xpZGVzaG93IjoiOTVhZWRlYiJ9\">\n\t\t\t\t\t<div class=\"e-gallery-image elementor-gallery-item__image\" data-thumbnail=\"https:\/\/www.lamarquesina.net\/wp-content\/uploads\/2016\/05\/Sandvitxeria-05.jpg\" data-width=\"1200\" data-height=\"650\" aria-label=\"La Marquesina - Sant Feliu de Gu\u00edxols\" role=\"img\" ><\/div>\n\t\t\t\t\t\t\t\t\t\t\t<div class=\"elementor-gallery-item__overlay\"><\/div>\n\t\t\t\t\t\t\t\t\t\t\t\t\t\t<\/a>\n\t\t\t\t\t\t\t<a class=\"e-gallery-item elementor-gallery-item elementor-animated-content\" href=\"https:\/\/www.lamarquesina.net\/wp-content\/uploads\/2016\/05\/Sandvitxeria-09.jpg\" data-elementor-open-lightbox=\"yes\" data-elementor-lightbox-slideshow=\"95aedeb\" data-elementor-lightbox-title=\"La Marquesina - Sant Feliu de Gu\u00edxols\" data-e-action-hash=\"#elementor-action%3Aaction%3Dlightbox%26settings%3DeyJpZCI6MTA4LCJ1cmwiOiJodHRwczpcL1wvd3d3LmxhbWFycXVlc2luYS5uZXRcL3dwLWNvbnRlbnRcL3VwbG9hZHNcLzIwMTZcLzA1XC9TYW5kdml0eGVyaWEtMDkuanBnIiwic2xpZGVzaG93IjoiOTVhZWRlYiJ9\">\n\t\t\t\t\t<div class=\"e-gallery-image elementor-gallery-item__image\" data-thumbnail=\"https:\/\/www.lamarquesina.net\/wp-content\/uploads\/2016\/05\/Sandvitxeria-09.jpg\" data-width=\"1200\" data-height=\"650\" aria-label=\"La Marquesina - Sant Feliu de Gu\u00edxols\" role=\"img\" ><\/div>\n\t\t\t\t\t\t\t\t\t\t\t<div class=\"elementor-gallery-item__overlay\"><\/div>\n\t\t\t\t\t\t\t\t\t\t\t\t\t\t<\/a>\n\t\t\t\t\t\t\t<a class=\"e-gallery-item elementor-gallery-item elementor-animated-content\" href=\"https:\/\/www.lamarquesina.net\/wp-content\/uploads\/2016\/05\/Sandvitxeria-02.jpg\" data-elementor-open-lightbox=\"yes\" data-elementor-lightbox-slideshow=\"95aedeb\" data-elementor-lightbox-title=\"La Marquesina - Sant Feliu de Gu\u00edxols\" data-e-action-hash=\"#elementor-action%3Aaction%3Dlightbox%26settings%3DeyJpZCI6MTAxLCJ1cmwiOiJodHRwczpcL1wvd3d3LmxhbWFycXVlc2luYS5uZXRcL3dwLWNvbnRlbnRcL3VwbG9hZHNcLzIwMTZcLzA1XC9TYW5kdml0eGVyaWEtMDIuanBnIiwic2xpZGVzaG93IjoiOTVhZWRlYiJ9\">\n\t\t\t\t\t<div class=\"e-gallery-image elementor-gallery-item__image\" data-thumbnail=\"https:\/\/www.lamarquesina.net\/wp-content\/uploads\/2016\/05\/Sandvitxeria-02.jpg\" data-width=\"1200\" data-height=\"650\" aria-label=\"La Marquesina - Sant Feliu de Gu\u00edxols\" role=\"img\" ><\/div>\n\t\t\t\t\t\t\t\t\t\t\t<div class=\"elementor-gallery-item__overlay\"><\/div>\n\t\t\t\t\t\t\t\t\t\t\t\t\t\t<\/a>\n\t\t\t\t\t\t\t<a class=\"e-gallery-item elementor-gallery-item elementor-animated-content\" href=\"https:\/\/www.lamarquesina.net\/wp-content\/uploads\/2016\/05\/Sandvitxeria-11.jpg\" data-elementor-open-lightbox=\"yes\" data-elementor-lightbox-slideshow=\"95aedeb\" data-elementor-lightbox-title=\"La Marquesina - Sant Feliu de Gu\u00edxols\" data-e-action-hash=\"#elementor-action%3Aaction%3Dlightbox%26settings%3DeyJpZCI6MTEwLCJ1cmwiOiJodHRwczpcL1wvd3d3LmxhbWFycXVlc2luYS5uZXRcL3dwLWNvbnRlbnRcL3VwbG9hZHNcLzIwMTZcLzA1XC9TYW5kdml0eGVyaWEtMTEuanBnIiwic2xpZGVzaG93IjoiOTVhZWRlYiJ9\">\n\t\t\t\t\t<div class=\"e-gallery-image elementor-gallery-item__image\" data-thumbnail=\"https:\/\/www.lamarquesina.net\/wp-content\/uploads\/2016\/05\/Sandvitxeria-11.jpg\" data-width=\"1200\" data-height=\"650\" aria-label=\"La Marquesina - Sant Feliu de Gu\u00edxols\" role=\"img\" ><\/div>\n\t\t\t\t\t\t\t\t\t\t\t<div class=\"elementor-gallery-item__overlay\"><\/div>\n\t\t\t\t\t\t\t\t\t\t\t\t\t\t<\/a>\n\t\t\t\t\t\t\t<a class=\"e-gallery-item elementor-gallery-item elementor-animated-content\" href=\"https:\/\/www.lamarquesina.net\/wp-content\/uploads\/2016\/05\/Sandvitxeria-06.jpg\" data-elementor-open-lightbox=\"yes\" data-elementor-lightbox-slideshow=\"95aedeb\" data-elementor-lightbox-title=\"La Marquesina - Sant Feliu de Gu\u00edxols\" data-e-action-hash=\"#elementor-action%3Aaction%3Dlightbox%26settings%3DeyJpZCI6MTA1LCJ1cmwiOiJodHRwczpcL1wvd3d3LmxhbWFycXVlc2luYS5uZXRcL3dwLWNvbnRlbnRcL3VwbG9hZHNcLzIwMTZcLzA1XC9TYW5kdml0eGVyaWEtMDYuanBnIiwic2xpZGVzaG93IjoiOTVhZWRlYiJ9\">\n\t\t\t\t\t<div class=\"e-gallery-image elementor-gallery-item__image\" data-thumbnail=\"https:\/\/www.lamarquesina.net\/wp-content\/uploads\/2016\/05\/Sandvitxeria-06.jpg\" data-width=\"1200\" data-height=\"650\" aria-label=\"La Marquesina - Sant Feliu de Gu\u00edxols\" role=\"img\" ><\/div>\n\t\t\t\t\t\t\t\t\t\t\t<div class=\"elementor-gallery-item__overlay\"><\/div>\n\t\t\t\t\t\t\t\t\t\t\t\t\t\t<\/a>\n\t\t\t\t\t\t\t<a class=\"e-gallery-item elementor-gallery-item elementor-animated-content\" href=\"https:\/\/www.lamarquesina.net\/wp-content\/uploads\/2016\/05\/Sandvitxeria-04.jpg\" data-elementor-open-lightbox=\"yes\" data-elementor-lightbox-slideshow=\"95aedeb\" data-elementor-lightbox-title=\"La Marquesina - Sant Feliu de Gu\u00edxols\" data-e-action-hash=\"#elementor-action%3Aaction%3Dlightbox%26settings%3DeyJpZCI6MTAzLCJ1cmwiOiJodHRwczpcL1wvd3d3LmxhbWFycXVlc2luYS5uZXRcL3dwLWNvbnRlbnRcL3VwbG9hZHNcLzIwMTZcLzA1XC9TYW5kdml0eGVyaWEtMDQuanBnIiwic2xpZGVzaG93IjoiOTVhZWRlYiJ9\">\n\t\t\t\t\t<div class=\"e-gallery-image elementor-gallery-item__image\" data-thumbnail=\"https:\/\/www.lamarquesina.net\/wp-content\/uploads\/2016\/05\/Sandvitxeria-04.jpg\" data-width=\"1200\" data-height=\"650\" aria-label=\"La Marquesina - Sant Feliu de Gu\u00edxols\" role=\"img\" ><\/div>\n\t\t\t\t\t\t\t\t\t\t\t<div class=\"elementor-gallery-item__overlay\"><\/div>\n\t\t\t\t\t\t\t\t\t\t\t\t\t\t<\/a>\n\t\t\t\t\t<\/div>\n\t\t\t\t\t<\/div>\n\t\t\t\t<\/div>\n\t\t\t\t<\/div>\n\t\t\t\t<\/div>\n\t\t","protected":false},"excerpt":{"rendered":"<p>En\u00a0La Marquesina\u00a0somos especialistas en ensaladas, bocadillos americanos y hamburguesas. Tambi\u00e9n encontrar\u00e1s platos combinados y una amplia variedad de postres caseros. Vengas cuando vengas tendremos la cocina a punto para preparar tu comida. El local&#46;&#46;&#46;<\/p>\n","protected":false},"author":1,"featured_media":0,"parent":0,"menu_order":0,"comment_status":"closed","ping_status":"closed","template":"","meta":{"footnotes":""},"class_list":["post-21","page","type-page","status-publish","hentry"],"_links":{"self":[{"href":"https:\/\/www.lamarquesina.net\/es\/wp-json\/wp\/v2\/pages\/21","targetHints":{"allow":["GET"]}}],"collection":[{"href":"https:\/\/www.lamarquesina.net\/es\/wp-json\/wp\/v2\/pages"}],"about":[{"href":"https:\/\/www.lamarquesina.net\/es\/wp-json\/wp\/v2\/types\/page"}],"author":[{"embeddable":true,"href":"https:\/\/www.lamarquesina.net\/es\/wp-json\/wp\/v2\/users\/1"}],"replies":[{"embeddable":true,"href":"https:\/\/www.lamarquesina.net\/es\/wp-json\/wp\/v2\/comments?post=21"}],"version-history":[{"count":0,"href":"https:\/\/www.lamarquesina.net\/es\/wp-json\/wp\/v2\/pages\/21\/revisions"}],"wp:attachment":[{"href":"https:\/\/www.lamarquesina.net\/es\/wp-json\/wp\/v2\/media?parent=21"}],"curies":[{"name":"wp","href":"https:\/\/api.w.org\/{rel}","templated":true}]}}